{"id":565,"date":"2025-06-13T10:20:31","date_gmt":"2025-06-13T10:20:31","guid":{"rendered":"https:\/\/gestoriacano.com\/?page_id=565"},"modified":"2025-12-03T12:22:02","modified_gmt":"2025-12-03T12:22:02","slug":"accesibilidad","status":"publish","type":"page","link":"https:\/\/gestoriacano.com\/en\/accesibilidad\/","title":{"rendered":"Accesibilidad"},"content":{"rendered":"<div data-elementor-type=\"wp-page\" data-elementor-id=\"565\" class=\"elementor elementor-565\">\n\t\t\t\t<div class=\"elementor-element elementor-element-8876678 e-flex e-con-boxed wpr-particle-no wpr-jarallax-no wpr-parallax-no wpr-sticky-section-no e-con e-parent\" data-id=\"8876678\" data-element_type=\"container\" data-settings=\"{&quot;background_background&quot;:&quot;classic&quot;}\">\n\t\t\t\t\t<div class=\"e-con-inner\">\n\t\t\t\t<div class=\"elementor-element elementor-element-614ae49 elementor-widget elementor-widget-spacer\" data-id=\"614ae49\" data-element_type=\"widget\" data-widget_type=\"spacer.default\">\n\t\t\t\t<div class=\"elementor-widget-container\">\n\t\t\t\t\t\t\t<div class=\"elementor-spacer\">\n\t\t\t<div class=\"elementor-spacer-inner\"><\/div>\n\t\t<\/div>\n\t\t\t\t\t\t<\/div>\n\t\t\t\t<\/div>\n\t\t\t\t\t<\/div>\n\t\t\t\t<\/div>\n\t\t<div class=\"elementor-element elementor-element-7ac84d3 e-flex e-con-boxed wpr-particle-no wpr-jarallax-no wpr-parallax-no wpr-sticky-section-no e-con e-parent\" data-id=\"7ac84d3\" data-element_type=\"container\" data-settings=\"{&quot;background_background&quot;:&quot;classic&quot;}\">\n\t\t\t\t\t<div class=\"e-con-inner\">\n\t\t\t\t<div class=\"elementor-element elementor-element-3e48cd9 elementor-widget elementor-widget-text-editor\" data-id=\"3e48cd9\" data-element_type=\"widget\" data-widget_type=\"text-editor.default\">\n\t\t\t\t<div class=\"elementor-widget-container\">\n\t\t\t\t\t\t\t\t\t<h1 data-start=\"314\" data-end=\"654\"><span style=\"font-family: Poppins; color: #ff6969;\">Accesibilidad\u00a0<\/span><\/h1>\n<p data-start=\"314\" data-end=\"654\"><span style=\"font-family: Poppins;\"><span style=\"color: #d5d5d5;\">En <strong data-start=\"317\" data-end=\"337\">Gestor\u00eda Cano<\/strong> estamos firmemente comprometidos con la accesibilidad digital. Nuestro objetivo es que todas las personas, con independencia de sus capacidades, puedan navegar, comprender e interactuar con el contenido de nuestro sitio web<\/span> <a class=\"\" href=\"https:\/\/gestoriacano.com\/en\/\" target=\"_new\" rel=\"noopener\" data-start=\"562\" data-end=\"610\"><span style=\"color: #ff6969;\">www.gestoriacano.com<\/span><\/a> <span style=\"color: #d5d5d5;\">de manera clara, sencilla y sin obst\u00e1culos.<\/span><\/span><\/p>\n\n<h3 data-start=\"656\" data-end=\"691\"><span style=\"font-family: Poppins; color: #d5d5d5;\">Compromiso con la accesibilidad<\/span><\/h3>\n<p data-start=\"693\" data-end=\"810\"><span style=\"font-family: Poppins;\"><span style=\"color: #d5d5d5;\">La presente declaraci\u00f3n de accesibilidad se aplica al sitio web:<\/span> <a class=\"\" href=\"https:\/\/gestoriacano.com\/en\/\" target=\"_new\" rel=\"noopener\" data-start=\"758\" data-end=\"810\"><span style=\"color: #ff6969;\">https:\/\/gestoriacano.com<\/span><\/a><\/span><\/p>\n<p data-start=\"812\" data-end=\"1139\"><span style=\"font-family: Poppins; color: #d5d5d5;\">Nos esforzamos por cumplir con los requisitos del <strong data-start=\"862\" data-end=\"888\">Real Decreto 1112\/2018<\/strong>, de 7 de septiembre, sobre accesibilidad de los sitios web y aplicaciones para dispositivos m\u00f3viles del sector p\u00fablico, as\u00ed como con las <strong data-start=\"1026\" data-end=\"1087\">Pautas de Accesibilidad al Contenido en la Web (WCAG) 2.1<\/strong>, nivel AA, del <strong data-start=\"1103\" data-end=\"1110\">W3C<\/strong> (World Wide Web Consortium).<\/span><\/p>\n<p data-start=\"1141\" data-end=\"1383\"><span style=\"font-family: Poppins; color: #d5d5d5;\">El sitio est\u00e1 dise\u00f1ado para ser compatible con las tecnolog\u00edas de asistencia actuales y navegadores modernos, respetando la norma <strong data-start=\"1271\" data-end=\"1293\">UNE-EN 301549:2022<\/strong>, que establece los requisitos funcionales de accesibilidad TIC conforme al marco europeo.<\/span><\/p>\n\n<h3 data-start=\"1385\" data-end=\"1406\"><span style=\"font-family: Poppins; color: #d5d5d5;\">Medidas adoptadas<\/span><\/h3>\n<p data-start=\"1408\" data-end=\"1494\"><span style=\"font-family: Poppins; color: #d5d5d5;\">En el desarrollo y mantenimiento del sitio web se han adoptado las siguientes medidas:<\/span><\/p>\n\n<ul data-start=\"1496\" data-end=\"1837\">\n \t<li data-start=\"1496\" data-end=\"1556\">\n<p data-start=\"1498\" data-end=\"1556\"><span style=\"font-family: Poppins; color: #d5d5d5;\">Estructura sem\u00e1ntica coherente de encabezados y contenido.<\/span><\/p>\n<\/li>\n \t<li data-start=\"1557\" data-end=\"1609\">\n<p data-start=\"1559\" data-end=\"1609\"><span style=\"font-family: Poppins; color: #d5d5d5;\">Navegaci\u00f3n por teclado accesible en todo el sitio.<\/span><\/p>\n<\/li>\n \t<li data-start=\"1610\" data-end=\"1653\">\n<p data-start=\"1612\" data-end=\"1653\"><span style=\"font-family: Poppins; color: #d5d5d5;\">Contrastes adecuados entre texto y fondo.<\/span><\/p>\n<\/li>\n \t<li data-start=\"1654\" data-end=\"1698\">\n<p data-start=\"1656\" data-end=\"1698\"><span style=\"font-family: Poppins; color: #d5d5d5;\">Im\u00e1genes relevantes con texto alternativo.<\/span><\/p>\n<\/li>\n \t<li data-start=\"1699\" data-end=\"1739\">\n<p data-start=\"1701\" data-end=\"1739\"><span style=\"font-family: Poppins; color: #d5d5d5;\">Formularios correctamente etiquetados.<\/span><\/p>\n<\/li>\n \t<li data-start=\"1740\" data-end=\"1792\">\n<p data-start=\"1742\" data-end=\"1792\"><span style=\"font-family: Poppins; color: #d5d5d5;\">Uso de etiquetas ARIA en componentes interactivos.<\/span><\/p>\n<\/li>\n \t<li data-start=\"1793\" data-end=\"1837\">\n<p data-start=\"1795\" data-end=\"1837\"><span style=\"font-family: Poppins; color: #d5d5d5;\">Contenido adaptado a dispositivos m\u00f3viles.<\/span><\/p>\n<\/li>\n<\/ul>\n<h3 data-start=\"1839\" data-end=\"1868\"><span style=\"font-family: Poppins; color: #d5d5d5;\">Situaci\u00f3n de cumplimiento<\/span><\/h3>\n<p data-start=\"1870\" data-end=\"2121\"><span style=\"font-family: Poppins; color: #d5d5d5;\">Este sitio web <strong data-start=\"1885\" data-end=\"1913\">es parcialmente conforme<\/strong> con el RD 1112\/2018 debido a la posible existencia de contenidos no accesibles por motivos t\u00e9cnicos o desactualizaciones puntuales. Estamos trabajando activamente para subsanar cualquier posible deficiencia.<\/span><\/p>\n\n<h3 data-start=\"2123\" data-end=\"2160\"><span style=\"font-family: Poppins; color: #d5d5d5;\">Observaciones y datos de contacto<\/span><\/h3>\n<p data-start=\"2162\" data-end=\"2380\"><span style=\"font-family: Poppins; color: #d5d5d5;\">Si encuentras barreras de acceso, errores o limitaciones en cualquier secci\u00f3n del sitio web, puedes comunicarlo a trav\u00e9s de los siguientes canales. Valoramos tu colaboraci\u00f3n para mejorar continuamente la accesibilidad:<\/span><\/p>\n<p data-start=\"2382\" data-end=\"2452\"><span style=\"font-family: Poppins; color: #ff6969;\">\ud83d\udce7 Email: <strong data-start=\"2392\" data-end=\"2417\"><a class=\"cursor-pointer\" style=\"color: #ff6969;\" rel=\"noopener\" data-start=\"2394\" data-end=\"2415\">info@gestoriacano.com<\/a><\/strong><\/span><br data-start=\"2417\" data-end=\"2420\" \/><span style=\"font-family: Poppins; color: #ff6969;\">\ud83d\udcde Tel\u00e9fono: <strong data-start=\"2433\" data-end=\"2452\">+34 953 58 14 36<\/strong><\/span><\/p>\n<p data-start=\"2454\" data-end=\"2559\"><span style=\"font-family: Poppins; color: #d5d5d5;\">Tambi\u00e9n puedes hacernos llegar tus sugerencias, quejas o solicitudes de informaci\u00f3n en formato accesible.<\/span><\/p>\n\n<h3 data-start=\"2561\" data-end=\"2593\"><span style=\"font-family: Poppins; color: #d5d5d5;\">Procedimiento de reclamaci\u00f3n<\/span><\/h3>\n<p data-start=\"2595\" data-end=\"2862\"><span style=\"font-family: Poppins; color: #d5d5d5;\">Si la respuesta no es satisfactoria o no recibes contestaci\u00f3n en el plazo establecido, puedes presentar una reclamaci\u00f3n formal a trav\u00e9s de la <strong data-start=\"2737\" data-end=\"2799\">Oficina de Atenci\u00f3n al Usuario en Materia de Accesibilidad<\/strong> del Ministerio de Asuntos Econ\u00f3micos y Transformaci\u00f3n Digital.<\/span><\/p>\t\t\t\t\t\t\t\t<\/div>\n\t\t\t\t<\/div>\n\t\t\t\t\t<\/div>\n\t\t\t\t<\/div>\n\t\t<div class=\"elementor-element elementor-element-6b21bd6 e-flex e-con-boxed wpr-particle-no wpr-jarallax-no wpr-parallax-no wpr-sticky-section-no e-con e-parent\" data-id=\"6b21bd6\" data-element_type=\"container\" data-settings=\"{&quot;background_background&quot;:&quot;classic&quot;}\">\n\t\t\t\t\t<div class=\"e-con-inner\">\n\t\t\t\t<div class=\"elementor-element elementor-element-482d2bd elementor-widget elementor-widget-spacer\" data-id=\"482d2bd\" data-element_type=\"widget\" data-widget_type=\"spacer.default\">\n\t\t\t\t<div class=\"elementor-widget-container\">\n\t\t\t\t\t\t\t<div class=\"elementor-spacer\">\n\t\t\t<div class=\"elementor-spacer-inner\"><\/div>\n\t\t<\/div>\n\t\t\t\t\t\t<\/div>\n\t\t\t\t<\/div>\n\t\t\t\t\t<\/div>\n\t\t\t\t<\/div>\n\t\t\t\t<\/div>","protected":false},"excerpt":{"rendered":"<p>Accesibilidad\u00a0 En Gestor\u00eda Cano estamos firmemente comprometidos con la accesibilidad digital. Nuestro objetivo es que todas las personas, con independencia de sus capacidades, puedan navegar, comprender e interactuar con el contenido de nuestro sitio web www.gestoriacano.com de manera clara, sencilla y sin obst\u00e1culos. Compromiso con la accesibilidad La presente declaraci\u00f3n de accesibilidad se aplica al sitio web: https:\/\/gestoriacano.com Nos esforzamos por cumplir con los requisitos del Real Decreto 1112\/2018, de 7 de septiembre, sobre accesibilidad<\/p>","protected":false},"author":1,"featured_media":0,"parent":0,"menu_order":0,"comment_status":"closed","ping_status":"closed","template":"","meta":{"footnotes":""},"class_list":["post-565","page","type-page","status-publish","hentry"],"yoast_head":"<!-- This site is optimized with the Yoast SEO plugin v26.5 - https:\/\/yoast.com\/wordpress\/plugins\/seo\/ -->\n<title>Accesibilidad - Gestoria Cano<\/title>\n<meta name=\"robots\" content=\"index, follow, max-snippet:-1, max-image-preview:large, max-video-preview:-1\" \/>\n<link rel=\"canonical\" href=\"https:\/\/gestoriacano.com\/en\/accesibilidad\/\" \/>\n<meta property=\"og:locale\" content=\"en_GB\" \/>\n<meta property=\"og:type\" content=\"article\" \/>\n<meta property=\"og:title\" content=\"Accesibilidad - Gestoria Cano\" \/>\n<meta property=\"og:description\" content=\"Accesibilidad\u00a0 En Gestor\u00eda Cano estamos firmemente comprometidos con la accesibilidad digital. Nuestro objetivo es que todas las personas, con independencia de sus capacidades, puedan navegar, comprender e interactuar con el contenido de nuestro sitio web www.gestoriacano.com de manera clara, sencilla y sin obst\u00e1culos. Compromiso con la accesibilidad La presente declaraci\u00f3n de accesibilidad se aplica al sitio web: https:\/\/gestoriacano.com Nos esforzamos por cumplir con los requisitos del Real Decreto 1112\/2018, de 7 de septiembre, sobre accesibilidad\" \/>\n<meta property=\"og:url\" content=\"https:\/\/gestoriacano.com\/en\/accesibilidad\/\" \/>\n<meta property=\"og:site_name\" content=\"Gestoria Cano\" \/>\n<meta property=\"article:modified_time\" content=\"2025-12-03T12:22:02+00:00\" \/>\n<meta name=\"twitter:card\" content=\"summary_large_image\" \/>\n<meta name=\"twitter:label1\" content=\"Estimated reading time\" \/>\n\t<meta name=\"twitter:data1\" content=\"2 minutes\" \/>\n<script type=\"application\/ld+json\" class=\"yoast-schema-graph\">{\"@context\":\"https:\/\/schema.org\",\"@graph\":[{\"@type\":\"WebPage\",\"@id\":\"https:\/\/gestoriacano.com\/accesibilidad\/\",\"url\":\"https:\/\/gestoriacano.com\/accesibilidad\/\",\"name\":\"Accesibilidad - Gestoria Cano\",\"isPartOf\":{\"@id\":\"https:\/\/gestoriacano.com\/#website\"},\"datePublished\":\"2025-06-13T10:20:31+00:00\",\"dateModified\":\"2025-12-03T12:22:02+00:00\",\"breadcrumb\":{\"@id\":\"https:\/\/gestoriacano.com\/accesibilidad\/#breadcrumb\"},\"inLanguage\":\"en-GB\",\"potentialAction\":[{\"@type\":\"ReadAction\",\"target\":[\"https:\/\/gestoriacano.com\/accesibilidad\/\"]}]},{\"@type\":\"BreadcrumbList\",\"@id\":\"https:\/\/gestoriacano.com\/accesibilidad\/#breadcrumb\",\"itemListElement\":[{\"@type\":\"ListItem\",\"position\":1,\"name\":\"Portada\",\"item\":\"https:\/\/gestoriacano.com\/\"},{\"@type\":\"ListItem\",\"position\":2,\"name\":\"Accesibilidad\"}]},{\"@type\":\"WebSite\",\"@id\":\"https:\/\/gestoriacano.com\/#website\",\"url\":\"https:\/\/gestoriacano.com\/\",\"name\":\"Gestoria Cano\",\"description\":\"Gestor\u00eda Fiscal, Laboral y contable GESTORIA J. CANO S.L\",\"publisher\":{\"@id\":\"https:\/\/gestoriacano.com\/#organization\"},\"potentialAction\":[{\"@type\":\"SearchAction\",\"target\":{\"@type\":\"EntryPoint\",\"urlTemplate\":\"https:\/\/gestoriacano.com\/?s={search_term_string}\"},\"query-input\":{\"@type\":\"PropertyValueSpecification\",\"valueRequired\":true,\"valueName\":\"search_term_string\"}}],\"inLanguage\":\"en-GB\"},{\"@type\":\"Organization\",\"@id\":\"https:\/\/gestoriacano.com\/#organization\",\"name\":\"Gestoria Cano\",\"url\":\"https:\/\/gestoriacano.com\/\",\"logo\":{\"@type\":\"ImageObject\",\"inLanguage\":\"en-GB\",\"@id\":\"https:\/\/gestoriacano.com\/#\/schema\/logo\/image\/\",\"url\":\"https:\/\/gestoriacano.com\/wp-content\/uploads\/2025\/06\/cropped-cropped-464468594_3050948981728615_1114534960744158838_n.jpg\",\"contentUrl\":\"https:\/\/gestoriacano.com\/wp-content\/uploads\/2025\/06\/cropped-cropped-464468594_3050948981728615_1114534960744158838_n.jpg\",\"width\":512,\"height\":147,\"caption\":\"Gestoria Cano\"},\"image\":{\"@id\":\"https:\/\/gestoriacano.com\/#\/schema\/logo\/image\/\"}}]}<\/script>\n<!-- \/ Yoast SEO plugin. -->","yoast_head_json":{"title":"Accesibilidad - Gestoria Cano","robots":{"index":"index","follow":"follow","max-snippet":"max-snippet:-1","max-image-preview":"max-image-preview:large","max-video-preview":"max-video-preview:-1"},"canonical":"https:\/\/gestoriacano.com\/en\/accesibilidad\/","og_locale":"en_GB","og_type":"article","og_title":"Accesibilidad - Gestoria Cano","og_description":"Accesibilidad\u00a0 En Gestor\u00eda Cano estamos firmemente comprometidos con la accesibilidad digital. Nuestro objetivo es que todas las personas, con independencia de sus capacidades, puedan navegar, comprender e interactuar con el contenido de nuestro sitio web www.gestoriacano.com de manera clara, sencilla y sin obst\u00e1culos. Compromiso con la accesibilidad La presente declaraci\u00f3n de accesibilidad se aplica al sitio web: https:\/\/gestoriacano.com Nos esforzamos por cumplir con los requisitos del Real Decreto 1112\/2018, de 7 de septiembre, sobre accesibilidad","og_url":"https:\/\/gestoriacano.com\/en\/accesibilidad\/","og_site_name":"Gestoria Cano","article_modified_time":"2025-12-03T12:22:02+00:00","twitter_card":"summary_large_image","twitter_misc":{"Estimated reading time":"2 minutes"},"schema":{"@context":"https:\/\/schema.org","@graph":[{"@type":"WebPage","@id":"https:\/\/gestoriacano.com\/accesibilidad\/","url":"https:\/\/gestoriacano.com\/accesibilidad\/","name":"Accesibilidad - Gestoria Cano","isPartOf":{"@id":"https:\/\/gestoriacano.com\/#website"},"datePublished":"2025-06-13T10:20:31+00:00","dateModified":"2025-12-03T12:22:02+00:00","breadcrumb":{"@id":"https:\/\/gestoriacano.com\/accesibilidad\/#breadcrumb"},"inLanguage":"en-GB","potentialAction":[{"@type":"ReadAction","target":["https:\/\/gestoriacano.com\/accesibilidad\/"]}]},{"@type":"BreadcrumbList","@id":"https:\/\/gestoriacano.com\/accesibilidad\/#breadcrumb","itemListElement":[{"@type":"ListItem","position":1,"name":"Portada","item":"https:\/\/gestoriacano.com\/"},{"@type":"ListItem","position":2,"name":"Accesibilidad"}]},{"@type":"WebSite","@id":"https:\/\/gestoriacano.com\/#website","url":"https:\/\/gestoriacano.com\/","name":"Gestoria Cano","description":"Gestor\u00eda Fiscal, Laboral y contable GESTORIA J. CANO S.L","publisher":{"@id":"https:\/\/gestoriacano.com\/#organization"},"potentialAction":[{"@type":"SearchAction","target":{"@type":"EntryPoint","urlTemplate":"https:\/\/gestoriacano.com\/?s={search_term_string}"},"query-input":{"@type":"PropertyValueSpecification","valueRequired":true,"valueName":"search_term_string"}}],"inLanguage":"en-GB"},{"@type":"Organization","@id":"https:\/\/gestoriacano.com\/#organization","name":"Gestoria Cano","url":"https:\/\/gestoriacano.com\/","logo":{"@type":"ImageObject","inLanguage":"en-GB","@id":"https:\/\/gestoriacano.com\/#\/schema\/logo\/image\/","url":"https:\/\/gestoriacano.com\/wp-content\/uploads\/2025\/06\/cropped-cropped-464468594_3050948981728615_1114534960744158838_n.jpg","contentUrl":"https:\/\/gestoriacano.com\/wp-content\/uploads\/2025\/06\/cropped-cropped-464468594_3050948981728615_1114534960744158838_n.jpg","width":512,"height":147,"caption":"Gestoria Cano"},"image":{"@id":"https:\/\/gestoriacano.com\/#\/schema\/logo\/image\/"}}]}},"_links":{"self":[{"href":"https:\/\/gestoriacano.com\/en\/wp-json\/wp\/v2\/pages\/565","targetHints":{"allow":["GET"]}}],"collection":[{"href":"https:\/\/gestoriacano.com\/en\/wp-json\/wp\/v2\/pages"}],"about":[{"href":"https:\/\/gestoriacano.com\/en\/wp-json\/wp\/v2\/types\/page"}],"author":[{"embeddable":true,"href":"https:\/\/gestoriacano.com\/en\/wp-json\/wp\/v2\/users\/1"}],"replies":[{"embeddable":true,"href":"https:\/\/gestoriacano.com\/en\/wp-json\/wp\/v2\/comments?post=565"}],"version-history":[{"count":24,"href":"https:\/\/gestoriacano.com\/en\/wp-json\/wp\/v2\/pages\/565\/revisions"}],"predecessor-version":[{"id":1716,"href":"https:\/\/gestoriacano.com\/en\/wp-json\/wp\/v2\/pages\/565\/revisions\/1716"}],"wp:attachment":[{"href":"https:\/\/gestoriacano.com\/en\/wp-json\/wp\/v2\/media?parent=565"}],"curies":[{"name":"wp","href":"https:\/\/api.w.org\/{rel}","templated":true}]}}