{"id":376,"date":"2025-06-13T06:41:24","date_gmt":"2025-06-13T06:41:24","guid":{"rendered":"https:\/\/gestoriacano.com\/?page_id=376"},"modified":"2025-12-03T12:11:02","modified_gmt":"2025-12-03T12:11:02","slug":"quienes-somos","status":"publish","type":"page","link":"https:\/\/gestoriacano.com\/en\/quienes-somos\/","title":{"rendered":"\u00bfQuienes somos?"},"content":{"rendered":"<div data-elementor-type=\"wp-page\" data-elementor-id=\"376\" class=\"elementor elementor-376\">\n\t\t\t\t<div class=\"elementor-element elementor-element-bbb6623 e-flex e-con-boxed wpr-particle-no wpr-jarallax-no wpr-parallax-no wpr-sticky-section-no e-con e-parent\" data-id=\"bbb6623\" data-element_type=\"container\" data-settings=\"{&quot;background_background&quot;:&quot;gradient&quot;}\">\n\t\t\t\t\t<div class=\"e-con-inner\">\n\t\t\t\t<div class=\"elementor-element elementor-element-ce15ee1 elementor-widget elementor-widget-text-editor\" data-id=\"ce15ee1\" data-element_type=\"widget\" data-widget_type=\"text-editor.default\">\n\t\t\t\t<div class=\"elementor-widget-container\">\n\t\t\t\t\t\t\t\t\t<h2 class=\"elementor-heading-title elementor-size-default\">\u00bfQuienes somos?<\/h2>\t\t\t\t\t\t\t\t<\/div>\n\t\t\t\t<\/div>\n\t\t\t\t<div class=\"elementor-element elementor-element-bcac9d5 elementor-widget elementor-widget-text-editor\" data-id=\"bcac9d5\" data-element_type=\"widget\" data-widget_type=\"text-editor.default\">\n\t\t\t\t<div class=\"elementor-widget-container\">\n\t\t\t\t\t\t\t\t\t<p data-start=\"213\" data-end=\"564\"><span style=\"font-family: Poppins; color: #d5d5d5;\">En <strong data-start=\"216\" data-end=\"240\">Gestor\u00eda Cano<\/strong>, llevamos m\u00e1s de 20 a\u00f1os ayudando a personas, aut\u00f3nomos y empresas a gestionar con eficacia sus tr\u00e1mites fiscales, laborales, contables y jur\u00eddicos. Nuestra historia comienza en Alcal\u00e1 la Real, Ja\u00e9n, con la firme vocaci\u00f3n de ofrecer un servicio integral y de calidad, adaptado a las necesidades reales de nuestros clientes.<\/span><\/p><p data-start=\"566\" data-end=\"903\"><span style=\"font-family: Poppins; color: #d5d5d5;\">A lo largo de estas dos d\u00e9cadas hemos construido una relaci\u00f3n de confianza con cientos de clientes que han depositado en nosotros la responsabilidad de sus gestiones m\u00e1s importantes. Gracias a nuestro compromiso, experiencia y trato cercano, nos hemos convertido en una referencia en el sector de la asesor\u00eda y la gestor\u00eda en la comarca.<\/span><\/p>\t\t\t\t\t\t\t\t<\/div>\n\t\t\t\t<\/div>\n\t\t\t\t\t<\/div>\n\t\t\t\t<\/div>\n\t\t<div class=\"elementor-element elementor-element-e514871 e-flex e-con-boxed wpr-particle-no wpr-jarallax-no wpr-parallax-no wpr-sticky-section-no e-con e-parent\" data-id=\"e514871\" data-element_type=\"container\" data-settings=\"{&quot;background_background&quot;:&quot;classic&quot;}\">\n\t\t\t\t\t<div class=\"e-con-inner\">\n\t\t\t\t<div class=\"elementor-element elementor-element-3079784 elementor-widget elementor-widget-spacer\" data-id=\"3079784\" data-element_type=\"widget\" data-widget_type=\"spacer.default\">\n\t\t\t\t<div class=\"elementor-widget-container\">\n\t\t\t\t\t\t\t<div class=\"elementor-spacer\">\n\t\t\t<div class=\"elementor-spacer-inner\"><\/div>\n\t\t<\/div>\n\t\t\t\t\t\t<\/div>\n\t\t\t\t<\/div>\n\t\t\t\t\t<\/div>\n\t\t\t\t<\/div>\n\t\t<div class=\"elementor-element elementor-element-356638c e-flex e-con-boxed wpr-particle-no wpr-jarallax-no wpr-parallax-no wpr-sticky-section-no e-con e-parent\" data-id=\"356638c\" data-element_type=\"container\" data-settings=\"{&quot;background_background&quot;:&quot;classic&quot;}\">\n\t\t\t\t\t<div class=\"e-con-inner\">\n\t\t\t\t<div class=\"elementor-element elementor-element-3348fc6 elementor-widget elementor-widget-image\" data-id=\"3348fc6\" data-element_type=\"widget\" data-widget_type=\"image.default\">\n\t\t\t\t<div class=\"elementor-widget-container\">\n\t\t\t\t\t\t\t\t\t\t\t\t\t\t\t<img fetchpriority=\"high\" decoding=\"async\" width=\"554\" height=\"238\" src=\"https:\/\/gestoriacano.com\/wp-content\/uploads\/2025\/06\/logo-gestoria-cano-blanco-2.png\" class=\"attachment-large size-large wp-image-998\" alt=\"\" srcset=\"https:\/\/gestoriacano.com\/wp-content\/uploads\/2025\/06\/logo-gestoria-cano-blanco-2.png 554w, https:\/\/gestoriacano.com\/wp-content\/uploads\/2025\/06\/logo-gestoria-cano-blanco-2-300x129.png 300w, https:\/\/gestoriacano.com\/wp-content\/uploads\/2025\/06\/logo-gestoria-cano-blanco-2-18x8.png 18w\" sizes=\"(max-width: 554px) 100vw, 554px\" \/>\t\t\t\t\t\t\t\t\t\t\t\t\t\t\t<\/div>\n\t\t\t\t<\/div>\n\t\t\t\t\t<\/div>\n\t\t\t\t<\/div>\n\t\t<div class=\"elementor-element elementor-element-97de725 e-flex e-con-boxed wpr-particle-no wpr-jarallax-no wpr-parallax-no wpr-sticky-section-no e-con e-parent\" data-id=\"97de725\" data-element_type=\"container\" data-settings=\"{&quot;background_background&quot;:&quot;classic&quot;}\">\n\t\t\t\t\t<div class=\"e-con-inner\">\n\t\t\t\t<div class=\"elementor-element elementor-element-25af7f5 elementor-widget elementor-widget-spacer\" data-id=\"25af7f5\" data-element_type=\"widget\" data-widget_type=\"spacer.default\">\n\t\t\t\t<div class=\"elementor-widget-container\">\n\t\t\t\t\t\t\t<div class=\"elementor-spacer\">\n\t\t\t<div class=\"elementor-spacer-inner\"><\/div>\n\t\t<\/div>\n\t\t\t\t\t\t<\/div>\n\t\t\t\t<\/div>\n\t\t\t\t\t<\/div>\n\t\t\t\t<\/div>\n\t\t<div class=\"elementor-element elementor-element-c0b256c e-flex e-con-boxed wpr-particle-no wpr-jarallax-no wpr-parallax-no wpr-sticky-section-no e-con e-parent\" data-id=\"c0b256c\" data-element_type=\"container\" data-settings=\"{&quot;background_background&quot;:&quot;classic&quot;}\">\n\t\t\t\t\t<div class=\"e-con-inner\">\n\t\t<div class=\"elementor-element elementor-element-58e9c48 e-con-full e-flex wpr-particle-no wpr-jarallax-no wpr-parallax-no wpr-sticky-section-no e-con e-child\" data-id=\"58e9c48\" data-element_type=\"container\" data-settings=\"{&quot;background_background&quot;:&quot;gradient&quot;}\">\n\t\t\t\t<div class=\"elementor-element elementor-element-ec9b4af elementor-widget elementor-widget-text-editor\" data-id=\"ec9b4af\" data-element_type=\"widget\" data-widget_type=\"text-editor.default\">\n\t\t\t\t<div class=\"elementor-widget-container\">\n\t\t\t\t\t\t\t\t\t<h2 class=\"elementor-heading-title elementor-size-default\">Nuestro enfoque<\/h2>\t\t\t\t\t\t\t\t<\/div>\n\t\t\t\t<\/div>\n\t\t\t\t<div class=\"elementor-element elementor-element-48a55fe elementor-widget elementor-widget-text-editor\" data-id=\"48a55fe\" data-element_type=\"widget\" data-widget_type=\"text-editor.default\">\n\t\t\t\t<div class=\"elementor-widget-container\">\n\t\t\t\t\t\t\t\t\t<p data-start=\"186\" data-end=\"453\"><span style=\"font-family: Poppins; color: #d5d5d5;\">Sabemos que enfrentarse a tr\u00e1mites administrativos, normativas cambiantes y obligaciones fiscales puede ser complejo y generar incertidumbre. Por eso, en Gestor\u00eda J Cano no solo resolvemos gestiones: acompa\u00f1amos y asesoramos de forma clara, honesta y personalizada.<\/span><\/p><p data-start=\"455\" data-end=\"755\"><span style=\"font-family: Poppins; color: #d5d5d5;\">Cada cliente es \u00fanico, y entendemos que detr\u00e1s de cada gesti\u00f3n hay una historia, una necesidad y unos objetivos concretos. Nos implicamos en cada caso como si fuera propio, porque nuestro compromiso va mucho m\u00e1s all\u00e1 de ofrecer un servicio: buscamos construir relaciones de confianza a largo plazo.<\/span><\/p><p data-start=\"757\" data-end=\"1045\"><span style=\"font-family: Poppins; color: #d5d5d5;\">Contamos con un equipo multidisciplinar altamente cualificado, en formaci\u00f3n continua y con una s\u00f3lida trayectoria profesional. Combinamos el rigor t\u00e9cnico con un trato cercano y accesible, creando un entorno donde nuestros clientes se sienten respaldados y comprendidos en todo momento.<\/span><\/p>\t\t\t\t\t\t\t\t<\/div>\n\t\t\t\t<\/div>\n\t\t\t\t<\/div>\n\t\t<div class=\"elementor-element elementor-element-dc0394f e-con-full e-flex wpr-particle-no wpr-jarallax-no wpr-parallax-no wpr-sticky-section-no e-con e-child\" data-id=\"dc0394f\" data-element_type=\"container\">\n\t\t\t\t<div class=\"elementor-element elementor-element-89a6ed6 elementor-widget elementor-widget-image\" data-id=\"89a6ed6\" data-element_type=\"widget\" data-widget_type=\"image.default\">\n\t\t\t\t<div class=\"elementor-widget-container\">\n\t\t\t\t\t\t\t\t\t\t\t\t\t\t\t<img decoding=\"async\" src=\"https:\/\/gestoriacano.com\/wp-content\/uploads\/elementor\/thumbs\/de-cerca-las-personas-que-trabajan-desde-casa-Photoroom-r8jkbd7q83x47kztuawci13wfcthrjkrlw6dal0ujy.jpg\" title=\"de-cerca-las-personas-que-trabajan-desde-casa-Photoroom\" alt=\"de-cerca-las-personas-que-trabajan-desde-casa-Photoroom\" loading=\"lazy\" \/>\t\t\t\t\t\t\t\t\t\t\t\t\t\t\t<\/div>\n\t\t\t\t<\/div>\n\t\t\t\t<\/div>\n\t\t\t\t\t<\/div>\n\t\t\t\t<\/div>\n\t\t<div class=\"elementor-element elementor-element-d210c2a e-flex e-con-boxed wpr-particle-no wpr-jarallax-no wpr-parallax-no wpr-sticky-section-no e-con e-parent\" data-id=\"d210c2a\" data-element_type=\"container\" data-settings=\"{&quot;background_background&quot;:&quot;classic&quot;}\">\n\t\t\t\t\t<div class=\"e-con-inner\">\n\t\t\t\t<div class=\"elementor-element elementor-element-787b81d elementor-widget elementor-widget-spacer\" data-id=\"787b81d\" data-element_type=\"widget\" data-widget_type=\"spacer.default\">\n\t\t\t\t<div class=\"elementor-widget-container\">\n\t\t\t\t\t\t\t<div class=\"elementor-spacer\">\n\t\t\t<div class=\"elementor-spacer-inner\"><\/div>\n\t\t<\/div>\n\t\t\t\t\t\t<\/div>\n\t\t\t\t<\/div>\n\t\t\t\t\t<\/div>\n\t\t\t\t<\/div>\n\t\t<div class=\"elementor-element elementor-element-33c65ec e-flex e-con-boxed wpr-particle-no wpr-jarallax-no wpr-parallax-no wpr-sticky-section-no e-con e-parent\" data-id=\"33c65ec\" data-element_type=\"container\" data-settings=\"{&quot;background_background&quot;:&quot;classic&quot;}\">\n\t\t\t\t\t<div class=\"e-con-inner\">\n\t\t<div class=\"elementor-element elementor-element-e7805da e-con-full e-flex wpr-particle-no wpr-jarallax-no wpr-parallax-no wpr-sticky-section-no e-con e-child\" data-id=\"e7805da\" data-element_type=\"container\" data-settings=\"{&quot;background_background&quot;:&quot;gradient&quot;}\">\n\t\t\t\t<div class=\"elementor-element elementor-element-0636e8a elementor-widget elementor-widget-text-editor\" data-id=\"0636e8a\" data-element_type=\"widget\" data-widget_type=\"text-editor.default\">\n\t\t\t\t<div class=\"elementor-widget-container\">\n\t\t\t\t\t\t\t\t\t<h2 class=\"elementor-heading-title elementor-size-default\">Nuestros servicios<\/h2>\t\t\t\t\t\t\t\t<\/div>\n\t\t\t\t<\/div>\n\t\t\t\t<div class=\"elementor-element elementor-element-3cffabb elementor-widget elementor-widget-text-editor\" data-id=\"3cffabb\" data-element_type=\"widget\" data-widget_type=\"text-editor.default\">\n\t\t\t\t<div class=\"elementor-widget-container\">\n\t\t\t\t\t\t\t\t\t<p data-start=\"1630\" data-end=\"1692\"><span style=\"font-family: Poppins; color: #d5d5d5;\">En <strong data-start=\"1633\" data-end=\"1652\">Gestor\u00eda Cano<\/strong> ofrecemos una amplia gama de servicios:<\/span><\/p><ul data-start=\"1694\" data-end=\"2276\"><li data-start=\"1694\" data-end=\"1835\"><p data-start=\"1696\" data-end=\"1835\"><span style=\"font-family: Poppins; color: #d5d5d5;\"><strong data-start=\"1696\" data-end=\"1726\">Asesor\u00eda Fiscal y Contable<\/strong>: para aut\u00f3nomos, pymes y empresas. Declaraciones, cierres contables, libros oficiales, planificaci\u00f3n fiscal.<\/span><\/p><\/li><li data-start=\"1836\" data-end=\"1933\"><p data-start=\"1838\" data-end=\"1933\"><span style=\"font-family: Poppins; color: #d5d5d5;\"><strong data-start=\"1838\" data-end=\"1857\">Gesti\u00f3n Laboral<\/strong>: altas y bajas, n\u00f3minas, seguros sociales, contratos, convenios colectivos.<\/span><\/p><\/li><li data-start=\"1934\" data-end=\"2051\"><p data-start=\"1936\" data-end=\"2051\"><span style=\"font-family: Poppins; color: #d5d5d5;\"><strong data-start=\"1936\" data-end=\"1962\">Gesti\u00f3n Administrativa<\/strong>: tr\u00e1mites con Hacienda, Seguridad Social, Tr\u00e1fico, Registro Civil, Ayuntamientos, y m\u00e1s.<\/span><\/p><\/li><li data-start=\"2052\" data-end=\"2175\"><p data-start=\"2054\" data-end=\"2175\"><span style=\"font-family: Poppins; color: #d5d5d5;\"><strong data-start=\"2054\" data-end=\"2075\">Asesor\u00eda Jur\u00eddica<\/strong>: apoyo legal en materia civil, mercantil y laboral gracias a nuestros colaboradores especializados.<\/span><\/p><\/li><li data-start=\"2176\" data-end=\"2276\"><p data-start=\"2178\" data-end=\"2276\"><span style=\"font-family: Poppins; color: #d5d5d5;\"><strong data-start=\"2178\" data-end=\"2206\">Tramitaci\u00f3n de veh\u00edculos<\/strong>: transferencias, matriculaciones, bajas, duplicados de permisos, etc.<\/span><\/p><\/li><\/ul>\t\t\t\t\t\t\t\t<\/div>\n\t\t\t\t<\/div>\n\t\t\t\t<\/div>\n\t\t<div class=\"elementor-element elementor-element-8b44b75 e-con-full e-flex wpr-particle-no wpr-jarallax-no wpr-parallax-no wpr-sticky-section-no e-con e-child\" data-id=\"8b44b75\" data-element_type=\"container\" data-settings=\"{&quot;background_background&quot;:&quot;gradient&quot;}\">\n\t\t\t\t<div class=\"elementor-element elementor-element-4745b3e elementor-widget elementor-widget-text-editor\" data-id=\"4745b3e\" data-element_type=\"widget\" data-widget_type=\"text-editor.default\">\n\t\t\t\t<div class=\"elementor-widget-container\">\n\t\t\t\t\t\t\t\t\t<h2 class=\"elementor-heading-title elementor-size-default\">Lo que nos distingue<\/h2>\t\t\t\t\t\t\t\t<\/div>\n\t\t\t\t<\/div>\n\t\t\t\t<div class=\"elementor-element elementor-element-db7506f elementor-widget elementor-widget-text-editor\" data-id=\"db7506f\" data-element_type=\"widget\" data-widget_type=\"text-editor.default\">\n\t\t\t\t<div class=\"elementor-widget-container\">\n\t\t\t\t\t\t\t\t\t<ul><li data-start=\"2304\" data-end=\"2459\"><p data-start=\"2306\" data-end=\"2459\"><span style=\"color: #d5d5d5;\"><strong data-start=\"2306\" data-end=\"2342\">Atenci\u00f3n cercana y personalizada<\/strong>: Nos tomamos el tiempo de conocer a nuestros clientes, entender su situaci\u00f3n y ofrecerles la mejor soluci\u00f3n posible.<\/span><\/p><\/li><li data-start=\"2460\" data-end=\"2590\"><p data-start=\"2462\" data-end=\"2590\"><span style=\"color: #d5d5d5;\"><strong data-start=\"2462\" data-end=\"2494\">Compromiso con la excelencia<\/strong>: Trabajamos con precisi\u00f3n, puntualidad y dedicaci\u00f3n para garantizar la calidad de cada gesti\u00f3n.<\/span><\/p><\/li><li data-start=\"2591\" data-end=\"2735\"><p data-start=\"2593\" data-end=\"2735\"><span style=\"color: #d5d5d5;\"><strong data-start=\"2593\" data-end=\"2622\">Transparencia y confianza<\/strong>: Apostamos por una comunicaci\u00f3n clara, sin tecnicismos innecesarios, y con total honestidad desde el primer d\u00eda.<\/span><\/p><\/li><li data-start=\"2736\" data-end=\"2922\"><p data-start=\"2738\" data-end=\"2922\"><span style=\"color: #d5d5d5;\"><strong data-start=\"2738\" data-end=\"2781\">Adaptabilidad y actualizaci\u00f3n constante<\/strong>: Nos mantenemos al d\u00eda con la normativa y usamos herramientas tecnol\u00f3gicas para facilitar los procesos y ahorrar tiempo a nuestros clientes.<\/span><\/p><\/li><li data-start=\"2736\" data-end=\"2922\"><span style=\"color: #d5d5d5;\"><strong data-start=\"1490\" data-end=\"1520\">Compromiso local y social:<\/strong> Apostamos por el desarrollo de nuestro entorno y fomentamos relaciones de confianza con empresas y particulares de la comunidad.<\/span><\/li><\/ul>\t\t\t\t\t\t\t\t<\/div>\n\t\t\t\t<\/div>\n\t\t\t\t<\/div>\n\t\t\t\t\t<\/div>\n\t\t\t\t<\/div>\n\t\t<div class=\"elementor-element elementor-element-7194403 e-flex e-con-boxed wpr-particle-no wpr-jarallax-no wpr-parallax-no wpr-sticky-section-no e-con e-parent\" data-id=\"7194403\" data-element_type=\"container\" data-settings=\"{&quot;background_background&quot;:&quot;classic&quot;}\">\n\t\t\t\t\t<div class=\"e-con-inner\">\n\t\t\t\t<div class=\"elementor-element elementor-element-0109610 elementor-widget elementor-widget-spacer\" data-id=\"0109610\" data-element_type=\"widget\" data-widget_type=\"spacer.default\">\n\t\t\t\t<div class=\"elementor-widget-container\">\n\t\t\t\t\t\t\t<div class=\"elementor-spacer\">\n\t\t\t<div class=\"elementor-spacer-inner\"><\/div>\n\t\t<\/div>\n\t\t\t\t\t\t<\/div>\n\t\t\t\t<\/div>\n\t\t\t\t\t<\/div>\n\t\t\t\t<\/div>\n\t\t<div class=\"elementor-element elementor-element-b840974 e-con-full e-flex wpr-particle-no wpr-jarallax-no wpr-parallax-no wpr-sticky-section-no e-con e-parent\" data-id=\"b840974\" data-element_type=\"container\" data-settings=\"{&quot;background_background&quot;:&quot;classic&quot;}\">\n\t\t<div class=\"elementor-element elementor-element-ae25bd3 e-con-full e-flex wpr-particle-no wpr-jarallax-no wpr-parallax-no wpr-sticky-section-no e-con e-child\" data-id=\"ae25bd3\" data-element_type=\"container\">\n\t\t\t\t<div class=\"elementor-element elementor-element-2c396e5 elementor-widget elementor-widget-heading\" data-id=\"2c396e5\" data-element_type=\"widget\" data-widget_type=\"heading.default\">\n\t\t\t\t<div class=\"elementor-widget-container\">\n\t\t\t\t\t<h2 class=\"elementor-heading-title elementor-size-default\">Nuestra visi\u00f3n<\/h2>\t\t\t\t<\/div>\n\t\t\t\t<\/div>\n\t\t\t\t<\/div>\n\t\t<div class=\"elementor-element elementor-element-c1d05a7 e-con-full e-flex wpr-particle-no wpr-jarallax-no wpr-parallax-no wpr-sticky-section-no e-con e-child\" data-id=\"c1d05a7\" data-element_type=\"container\">\n\t\t\t\t<div class=\"elementor-element elementor-element-541750a elementor-widget elementor-widget-text-editor\" data-id=\"541750a\" data-element_type=\"widget\" data-widget_type=\"text-editor.default\">\n\t\t\t\t<div class=\"elementor-widget-container\">\n\t\t\t\t\t\t\t\t\t<p data-start=\"172\" data-end=\"361\"><span style=\"font-family: Poppins; color: #d5d5d5;\">Aspiramos a seguir creciendo como un referente en el sector de las gestor\u00edas y asesor\u00edas, sin perder nuestra esencia: la cercan\u00eda, la atenci\u00f3n al detalle y el compromiso con las personas.<\/span><\/p><p data-start=\"363\" data-end=\"689\"><span style=\"font-family: Poppins; color: #d5d5d5;\">Creemos firmemente en una forma de trabajar que pone al cliente en el centro, priorizando siempre su tranquilidad, seguridad y \u00e9xito. Queremos que cada persona que conf\u00eda en nosotros sienta que no solo cuenta con un equipo de profesionales, sino con un verdadero aliado que vela por sus intereses y le acompa\u00f1a en cada paso.<\/span><\/p><p data-start=\"691\" data-end=\"1063\"><span style=\"font-family: Poppins; color: #d5d5d5;\">Nuestra visi\u00f3n es convertirnos en una gestor\u00eda de referencia, reconocida no solo por la calidad t\u00e9cnica de nuestro trabajo, sino tambi\u00e9n por la calidez humana y la dedicaci\u00f3n que ponemos en cada gesti\u00f3n. Queremos ser el apoyo que necesitan particulares, aut\u00f3nomos y empresas para avanzar con confianza, sin preocupaciones y con la seguridad de que est\u00e1n en buenas manos.<\/span><\/p><p data-start=\"1065\" data-end=\"1251\"><span style=\"font-family: Poppins; color: #d5d5d5;\">Nos mueve la mejora continua y la innovaci\u00f3n, apostando por nuevas herramientas y procesos que nos permitan ofrecer un servicio \u00e1gil, eficiente y adaptado a los retos del mundo actual.<\/span><\/p>\t\t\t\t\t\t\t\t<\/div>\n\t\t\t\t<\/div>\n\t\t\t\t<\/div>\n\t\t\t\t<\/div>\n\t\t<div class=\"elementor-element elementor-element-1ffba90 e-flex e-con-boxed wpr-particle-no wpr-jarallax-no wpr-parallax-no wpr-sticky-section-no e-con e-parent\" data-id=\"1ffba90\" data-element_type=\"container\" data-settings=\"{&quot;background_background&quot;:&quot;classic&quot;}\">\n\t\t\t\t\t<div class=\"e-con-inner\">\n\t\t\t\t<div class=\"elementor-element elementor-element-0dba494 elementor-widget elementor-widget-spacer\" data-id=\"0dba494\" data-element_type=\"widget\" data-widget_type=\"spacer.default\">\n\t\t\t\t<div class=\"elementor-widget-container\">\n\t\t\t\t\t\t\t<div class=\"elementor-spacer\">\n\t\t\t<div class=\"elementor-spacer-inner\"><\/div>\n\t\t<\/div>\n\t\t\t\t\t\t<\/div>\n\t\t\t\t<\/div>\n\t\t\t\t\t<\/div>\n\t\t\t\t<\/div>\n\t\t<div class=\"elementor-element elementor-element-b8c2fb3 e-flex e-con-boxed wpr-particle-no wpr-jarallax-no wpr-parallax-no wpr-sticky-section-no e-con e-parent\" data-id=\"b8c2fb3\" data-element_type=\"container\" data-settings=\"{&quot;background_background&quot;:&quot;classic&quot;}\">\n\t\t\t\t\t<div class=\"e-con-inner\">\n\t\t<div class=\"elementor-element elementor-element-19295b3 e-con-full e-flex wpr-particle-no wpr-jarallax-no wpr-parallax-no wpr-sticky-section-no e-con e-child\" data-id=\"19295b3\" data-element_type=\"container\">\n\t\t\t\t<div class=\"elementor-element elementor-element-0592b05 elementor-widget elementor-widget-image\" data-id=\"0592b05\" data-element_type=\"widget\" data-widget_type=\"image.default\">\n\t\t\t\t<div class=\"elementor-widget-container\">\n\t\t\t\t\t\t\t\t\t\t\t\t\t\t\t<img decoding=\"async\" src=\"https:\/\/gestoriacano.com\/wp-content\/uploads\/elementor\/thumbs\/anciano-aprendiendo-usar-la-tecnologia-Photoroom-r8jkfs2gb3ykpol32pkapf0sth2iwe3ejqffechbce.jpg\" title=\"anciano-aprendiendo-usar-la-tecnologia-Photoroom\" alt=\"anciano-aprendiendo-usar-la-tecnologia-Photoroom\" loading=\"lazy\" \/>\t\t\t\t\t\t\t\t\t\t\t\t\t\t\t<\/div>\n\t\t\t\t<\/div>\n\t\t\t\t<\/div>\n\t\t<div class=\"elementor-element elementor-element-4ed92dd e-con-full e-flex wpr-particle-no wpr-jarallax-no wpr-parallax-no wpr-sticky-section-no e-con e-child\" data-id=\"4ed92dd\" data-element_type=\"container\" data-settings=\"{&quot;background_background&quot;:&quot;gradient&quot;}\">\n\t\t\t\t<div class=\"elementor-element elementor-element-7aa8dc1 elementor-widget elementor-widget-text-editor\" data-id=\"7aa8dc1\" data-element_type=\"widget\" data-widget_type=\"text-editor.default\">\n\t\t\t\t<div class=\"elementor-widget-container\">\n\t\t\t\t\t\t\t\t\t<h2 class=\"elementor-heading-title elementor-size-default\">Te dejamos nuestros datos para que contactes con nosotros<\/h2>\t\t\t\t\t\t\t\t<\/div>\n\t\t\t\t<\/div>\n\t\t\t\t<div class=\"elementor-element elementor-element-b801f74 elementor-widget elementor-widget-spacer\" data-id=\"b801f74\" data-element_type=\"widget\" data-widget_type=\"spacer.default\">\n\t\t\t\t<div class=\"elementor-widget-container\">\n\t\t\t\t\t\t\t<div class=\"elementor-spacer\">\n\t\t\t<div class=\"elementor-spacer-inner\"><\/div>\n\t\t<\/div>\n\t\t\t\t\t\t<\/div>\n\t\t\t\t<\/div>\n\t\t\t\t<div class=\"elementor-element elementor-element-4031f7f elementor-widget elementor-widget-text-editor\" data-id=\"4031f7f\" data-element_type=\"widget\" data-widget_type=\"text-editor.default\">\n\t\t\t\t<div class=\"elementor-widget-container\">\n\t\t\t\t\t\t\t\t\t<div style=\"color: #d5d5d5; font-family: Poppins; line-height: 1.8;\"><div><p><i class=\"fas fa-phone-alt\" style=\"margin-right: 8px; color: #d5d5d5;\"><\/i>953 58 14 36<\/p><\/div><div><p><i class=\"fas fa-envelope\" style=\"margin-right: 8px; color: #d5d5d5;\"><\/i>gestoria@gestoriacano.com<\/p><\/div><div><p><i class=\"fas fa-clock\" style=\"margin-right: 8px; color: #d5d5d5;\"><\/i>L-V 10:00 &#8211; 14:00 y 17:00 &#8211; 20:00<\/p><\/div><div><p><i class=\"fas fa-map-marker-alt\" style=\"margin-right: 8px; color: #d5d5d5;\"><\/i>23680 &#8211; Alcal\u00e1 la Real &#8211; Ja\u00e9n<\/p><\/div><div><i class=\"fas fa-home\" style=\"margin-right: 8px; color: #d5d5d5;\"><\/i>C\/ Miguel de Cervantes N\u00ba10<\/div><\/div>\t\t\t\t\t\t\t\t<\/div>\n\t\t\t\t<\/div>\n\t\t\t\t<\/div>\n\t\t\t\t\t<\/div>\n\t\t\t\t<\/div>\n\t\t\t\t<\/div>","protected":false},"excerpt":{"rendered":"<p>\u00bfQuienes somos? En Gestor\u00eda Cano, llevamos m\u00e1s de 20 a\u00f1os ayudando a personas, aut\u00f3nomos y empresas a gestionar con eficacia sus tr\u00e1mites fiscales, laborales, contables y jur\u00eddicos. Nuestra historia comienza en Alcal\u00e1 la Real, Ja\u00e9n, con la firme vocaci\u00f3n de ofrecer un servicio integral y de calidad, adaptado a las necesidades reales de nuestros clientes. A lo largo de estas dos d\u00e9cadas hemos construido una relaci\u00f3n de confianza con cientos de clientes que han depositado<\/p>","protected":false},"author":1,"featured_media":0,"parent":0,"menu_order":0,"comment_status":"closed","ping_status":"closed","template":"","meta":{"footnotes":""},"class_list":["post-376","page","type-page","status-publish","hentry"],"yoast_head":"<!-- This site is optimized with the Yoast SEO plugin v26.5 - https:\/\/yoast.com\/wordpress\/plugins\/seo\/ -->\n<title>\u00bfQuienes somos? - Gestoria Cano<\/title>\n<meta name=\"robots\" content=\"index, follow, max-snippet:-1, max-image-preview:large, max-video-preview:-1\" \/>\n<link rel=\"canonical\" href=\"https:\/\/gestoriacano.com\/en\/quienes-somos\/\" \/>\n<meta property=\"og:locale\" content=\"en_GB\" \/>\n<meta property=\"og:type\" content=\"article\" \/>\n<meta property=\"og:title\" content=\"\u00bfQuienes somos? - Gestoria Cano\" \/>\n<meta property=\"og:description\" content=\"\u00bfQuienes somos? En Gestor\u00eda Cano, llevamos m\u00e1s de 20 a\u00f1os ayudando a personas, aut\u00f3nomos y empresas a gestionar con eficacia sus tr\u00e1mites fiscales, laborales, contables y jur\u00eddicos. Nuestra historia comienza en Alcal\u00e1 la Real, Ja\u00e9n, con la firme vocaci\u00f3n de ofrecer un servicio integral y de calidad, adaptado a las necesidades reales de nuestros clientes. A lo largo de estas dos d\u00e9cadas hemos construido una relaci\u00f3n de confianza con cientos de clientes que han depositado\" \/>\n<meta property=\"og:url\" content=\"https:\/\/gestoriacano.com\/en\/quienes-somos\/\" \/>\n<meta property=\"og:site_name\" content=\"Gestoria Cano\" \/>\n<meta property=\"article:modified_time\" content=\"2025-12-03T12:11:02+00:00\" \/>\n<meta property=\"og:image\" content=\"https:\/\/gestoriacano.com\/wp-content\/uploads\/2025\/06\/logo-gestoria-cano-blanco-2.png\" \/>\n\t<meta property=\"og:image:width\" content=\"554\" \/>\n\t<meta property=\"og:image:height\" content=\"238\" \/>\n\t<meta property=\"og:image:type\" content=\"image\/png\" \/>\n<meta name=\"twitter:card\" content=\"summary_large_image\" \/>\n<meta name=\"twitter:label1\" content=\"Estimated reading time\" \/>\n\t<meta name=\"twitter:data1\" content=\"4 minutes\" \/>\n<script type=\"application\/ld+json\" class=\"yoast-schema-graph\">{\"@context\":\"https:\/\/schema.org\",\"@graph\":[{\"@type\":\"WebPage\",\"@id\":\"https:\/\/gestoriacano.com\/quienes-somos\/\",\"url\":\"https:\/\/gestoriacano.com\/quienes-somos\/\",\"name\":\"\u00bfQuienes somos? - Gestoria Cano\",\"isPartOf\":{\"@id\":\"https:\/\/gestoriacano.com\/#website\"},\"primaryImageOfPage\":{\"@id\":\"https:\/\/gestoriacano.com\/quienes-somos\/#primaryimage\"},\"image\":{\"@id\":\"https:\/\/gestoriacano.com\/quienes-somos\/#primaryimage\"},\"thumbnailUrl\":\"https:\/\/gestoriacano.com\/wp-content\/uploads\/2025\/06\/logo-gestoria-cano-blanco-2.png\",\"datePublished\":\"2025-06-13T06:41:24+00:00\",\"dateModified\":\"2025-12-03T12:11:02+00:00\",\"breadcrumb\":{\"@id\":\"https:\/\/gestoriacano.com\/quienes-somos\/#breadcrumb\"},\"inLanguage\":\"en-GB\",\"potentialAction\":[{\"@type\":\"ReadAction\",\"target\":[\"https:\/\/gestoriacano.com\/quienes-somos\/\"]}]},{\"@type\":\"ImageObject\",\"inLanguage\":\"en-GB\",\"@id\":\"https:\/\/gestoriacano.com\/quienes-somos\/#primaryimage\",\"url\":\"https:\/\/gestoriacano.com\/wp-content\/uploads\/2025\/06\/logo-gestoria-cano-blanco-2.png\",\"contentUrl\":\"https:\/\/gestoriacano.com\/wp-content\/uploads\/2025\/06\/logo-gestoria-cano-blanco-2.png\"},{\"@type\":\"BreadcrumbList\",\"@id\":\"https:\/\/gestoriacano.com\/quienes-somos\/#breadcrumb\",\"itemListElement\":[{\"@type\":\"ListItem\",\"position\":1,\"name\":\"Portada\",\"item\":\"https:\/\/gestoriacano.com\/\"},{\"@type\":\"ListItem\",\"position\":2,\"name\":\"\u00bfQuienes somos?\"}]},{\"@type\":\"WebSite\",\"@id\":\"https:\/\/gestoriacano.com\/#website\",\"url\":\"https:\/\/gestoriacano.com\/\",\"name\":\"Gestoria Cano\",\"description\":\"Gestor\u00eda Fiscal, Laboral y contable GESTORIA J. CANO S.L\",\"publisher\":{\"@id\":\"https:\/\/gestoriacano.com\/#organization\"},\"potentialAction\":[{\"@type\":\"SearchAction\",\"target\":{\"@type\":\"EntryPoint\",\"urlTemplate\":\"https:\/\/gestoriacano.com\/?s={search_term_string}\"},\"query-input\":{\"@type\":\"PropertyValueSpecification\",\"valueRequired\":true,\"valueName\":\"search_term_string\"}}],\"inLanguage\":\"en-GB\"},{\"@type\":\"Organization\",\"@id\":\"https:\/\/gestoriacano.com\/#organization\",\"name\":\"Gestoria Cano\",\"url\":\"https:\/\/gestoriacano.com\/\",\"logo\":{\"@type\":\"ImageObject\",\"inLanguage\":\"en-GB\",\"@id\":\"https:\/\/gestoriacano.com\/#\/schema\/logo\/image\/\",\"url\":\"https:\/\/gestoriacano.com\/wp-content\/uploads\/2025\/06\/cropped-cropped-464468594_3050948981728615_1114534960744158838_n.jpg\",\"contentUrl\":\"https:\/\/gestoriacano.com\/wp-content\/uploads\/2025\/06\/cropped-cropped-464468594_3050948981728615_1114534960744158838_n.jpg\",\"width\":512,\"height\":147,\"caption\":\"Gestoria Cano\"},\"image\":{\"@id\":\"https:\/\/gestoriacano.com\/#\/schema\/logo\/image\/\"}}]}<\/script>\n<!-- \/ Yoast SEO plugin. -->","yoast_head_json":{"title":"\u00bfQuienes somos? - Gestoria Cano","robots":{"index":"index","follow":"follow","max-snippet":"max-snippet:-1","max-image-preview":"max-image-preview:large","max-video-preview":"max-video-preview:-1"},"canonical":"https:\/\/gestoriacano.com\/en\/quienes-somos\/","og_locale":"en_GB","og_type":"article","og_title":"\u00bfQuienes somos? - Gestoria Cano","og_description":"\u00bfQuienes somos? En Gestor\u00eda Cano, llevamos m\u00e1s de 20 a\u00f1os ayudando a personas, aut\u00f3nomos y empresas a gestionar con eficacia sus tr\u00e1mites fiscales, laborales, contables y jur\u00eddicos. Nuestra historia comienza en Alcal\u00e1 la Real, Ja\u00e9n, con la firme vocaci\u00f3n de ofrecer un servicio integral y de calidad, adaptado a las necesidades reales de nuestros clientes. A lo largo de estas dos d\u00e9cadas hemos construido una relaci\u00f3n de confianza con cientos de clientes que han depositado","og_url":"https:\/\/gestoriacano.com\/en\/quienes-somos\/","og_site_name":"Gestoria Cano","article_modified_time":"2025-12-03T12:11:02+00:00","og_image":[{"width":554,"height":238,"url":"https:\/\/gestoriacano.com\/wp-content\/uploads\/2025\/06\/logo-gestoria-cano-blanco-2.png","type":"image\/png"}],"twitter_card":"summary_large_image","twitter_misc":{"Estimated reading time":"4 minutes"},"schema":{"@context":"https:\/\/schema.org","@graph":[{"@type":"WebPage","@id":"https:\/\/gestoriacano.com\/quienes-somos\/","url":"https:\/\/gestoriacano.com\/quienes-somos\/","name":"\u00bfQuienes somos? - Gestoria Cano","isPartOf":{"@id":"https:\/\/gestoriacano.com\/#website"},"primaryImageOfPage":{"@id":"https:\/\/gestoriacano.com\/quienes-somos\/#primaryimage"},"image":{"@id":"https:\/\/gestoriacano.com\/quienes-somos\/#primaryimage"},"thumbnailUrl":"https:\/\/gestoriacano.com\/wp-content\/uploads\/2025\/06\/logo-gestoria-cano-blanco-2.png","datePublished":"2025-06-13T06:41:24+00:00","dateModified":"2025-12-03T12:11:02+00:00","breadcrumb":{"@id":"https:\/\/gestoriacano.com\/quienes-somos\/#breadcrumb"},"inLanguage":"en-GB","potentialAction":[{"@type":"ReadAction","target":["https:\/\/gestoriacano.com\/quienes-somos\/"]}]},{"@type":"ImageObject","inLanguage":"en-GB","@id":"https:\/\/gestoriacano.com\/quienes-somos\/#primaryimage","url":"https:\/\/gestoriacano.com\/wp-content\/uploads\/2025\/06\/logo-gestoria-cano-blanco-2.png","contentUrl":"https:\/\/gestoriacano.com\/wp-content\/uploads\/2025\/06\/logo-gestoria-cano-blanco-2.png"},{"@type":"BreadcrumbList","@id":"https:\/\/gestoriacano.com\/quienes-somos\/#breadcrumb","itemListElement":[{"@type":"ListItem","position":1,"name":"Portada","item":"https:\/\/gestoriacano.com\/"},{"@type":"ListItem","position":2,"name":"\u00bfQuienes somos?"}]},{"@type":"WebSite","@id":"https:\/\/gestoriacano.com\/#website","url":"https:\/\/gestoriacano.com\/","name":"Gestoria Cano","description":"Gestor\u00eda Fiscal, Laboral y contable GESTORIA J. CANO S.L","publisher":{"@id":"https:\/\/gestoriacano.com\/#organization"},"potentialAction":[{"@type":"SearchAction","target":{"@type":"EntryPoint","urlTemplate":"https:\/\/gestoriacano.com\/?s={search_term_string}"},"query-input":{"@type":"PropertyValueSpecification","valueRequired":true,"valueName":"search_term_string"}}],"inLanguage":"en-GB"},{"@type":"Organization","@id":"https:\/\/gestoriacano.com\/#organization","name":"Gestoria Cano","url":"https:\/\/gestoriacano.com\/","logo":{"@type":"ImageObject","inLanguage":"en-GB","@id":"https:\/\/gestoriacano.com\/#\/schema\/logo\/image\/","url":"https:\/\/gestoriacano.com\/wp-content\/uploads\/2025\/06\/cropped-cropped-464468594_3050948981728615_1114534960744158838_n.jpg","contentUrl":"https:\/\/gestoriacano.com\/wp-content\/uploads\/2025\/06\/cropped-cropped-464468594_3050948981728615_1114534960744158838_n.jpg","width":512,"height":147,"caption":"Gestoria Cano"},"image":{"@id":"https:\/\/gestoriacano.com\/#\/schema\/logo\/image\/"}}]}},"_links":{"self":[{"href":"https:\/\/gestoriacano.com\/en\/wp-json\/wp\/v2\/pages\/376","targetHints":{"allow":["GET"]}}],"collection":[{"href":"https:\/\/gestoriacano.com\/en\/wp-json\/wp\/v2\/pages"}],"about":[{"href":"https:\/\/gestoriacano.com\/en\/wp-json\/wp\/v2\/types\/page"}],"author":[{"embeddable":true,"href":"https:\/\/gestoriacano.com\/en\/wp-json\/wp\/v2\/users\/1"}],"replies":[{"embeddable":true,"href":"https:\/\/gestoriacano.com\/en\/wp-json\/wp\/v2\/comments?post=376"}],"version-history":[{"count":42,"href":"https:\/\/gestoriacano.com\/en\/wp-json\/wp\/v2\/pages\/376\/revisions"}],"predecessor-version":[{"id":1707,"href":"https:\/\/gestoriacano.com\/en\/wp-json\/wp\/v2\/pages\/376\/revisions\/1707"}],"wp:attachment":[{"href":"https:\/\/gestoriacano.com\/en\/wp-json\/wp\/v2\/media?parent=376"}],"curies":[{"name":"wp","href":"https:\/\/api.w.org\/{rel}","templated":true}]}}